{"id":5,"date":"2014-09-17T14:14:18","date_gmt":"2014-09-17T14:14:18","guid":{"rendered":"http:\/\/mailtesteig1.wordpress.com\/?page_id=1"},"modified":"2025-07-18T12:12:50","modified_gmt":"2025-07-18T11:12:50","slug":"sobre","status":"publish","type":"page","link":"https:\/\/www.igforma.com\/","title":{"rendered":"Quem Somos"},"content":{"rendered":"\n<figure class=\"wp-block-image size-large\"><a href=\"https:\/\/www.igforma.com\/wp-content\/uploads\/2025\/07\/Curso-EFA-1-1.gif\"><img loading=\"lazy\" decoding=\"async\" width=\"1024\" height=\"579\" src=\"https:\/\/www.igforma.com\/wp-content\/uploads\/2025\/07\/Curso-EFA-1-1-1024x579.gif\" alt=\"\" class=\"wp-image-974\" srcset=\"https:\/\/www.igforma.com\/wp-content\/uploads\/2025\/07\/Curso-EFA-1-1-1024x579.gif 1024w, https:\/\/www.igforma.com\/wp-content\/uploads\/2025\/07\/Curso-EFA-1-1-300x170.gif 300w, https:\/\/www.igforma.com\/wp-content\/uploads\/2025\/07\/Curso-EFA-1-1-768x434.gif 768w\" sizes=\"(max-width: 1024px) 100vw, 1024px\" \/><\/a><\/figure>\n\n\n<p align=\"justify\"><a href=\"https:\/\/www.igforma.com\/?page_id=944\"><img loading=\"lazy\" decoding=\"async\" class=\"aligncenter size-full wp-image-940\" src=\"https:\/\/www.igforma.com\/wp-content\/uploads\/2023\/11\/BANNER-PRINCIPAL.png\" alt=\"\" width=\"820\" height=\"312\" srcset=\"https:\/\/www.igforma.com\/wp-content\/uploads\/2023\/11\/BANNER-PRINCIPAL.png 820w, https:\/\/www.igforma.com\/wp-content\/uploads\/2023\/11\/BANNER-PRINCIPAL-300x114.png 300w, https:\/\/www.igforma.com\/wp-content\/uploads\/2023\/11\/BANNER-PRINCIPAL-768x292.png 768w\" sizes=\"(max-width: 820px) 100vw, 820px\" \/><\/a><\/p>\n<p><script type=\"text\/javascript\"><br \/>\n  (function(d, t) {<br \/>\n      var v = d.createElement(t), s = d.getElementsByTagName(t)[0];<br \/>\n      v.onload = function() {<br \/>\n        window.voiceflow.chat.load({<br \/>\n          verify: { projectID: '65a5711f0caa144705a72acb' },<br \/>\n          url: 'https:\/\/general-runtime.voiceflow.com',<br \/>\n          versionID: 'production'<br \/>\n        });<br \/>\n      }<br \/>\n      v.src = \"https:\/\/cdn.voiceflow.com\/widget\/bundle.mjs\"; v.type = \"text\/javascript\"; s.parentNode.insertBefore(v, s);<br \/>\n  })(document, 'script');<br \/>\n<\/script><\/p>\n<p align=\"justify\">A <span style=\"color: #3366ff;\"><strong>IG-FORMA<\/strong><\/span>, fundada em 1985, \u00e9 uma EMPRESA DE CONSULTORIA NA \u00c1REA DA FORMA\u00c7\u00c3O PROFISSIONAL que desde a sua g\u00e9nese tem vindo a consolidar a sua posi\u00e7\u00e3o no mercado, atrav\u00e9s da excel\u00eancia dos servi\u00e7os prestados aos seus clientes.<\/p>\n<p align=\"justify\">Ao longo deste per\u00edodo de atividade conseguimos a <span style=\"color: #3366ff;\">Aprova\u00e7\u00e3o de Projetos de Forma\u00e7\u00e3o Profissional,<\/span> financiados pelo Fundo Social Europeu, num montante que ascende a mais de <span style=\"color: #3366ff;\">70 milh\u00f5es de euros a fundo perdido.<\/span><\/p>\n<p align=\"justify\"><span style=\"color: #3366ff;\"><a href=\"https:\/\/www.igforma.com\/wp-content\/uploads\/2014\/10\/zxfzx.png\"><img loading=\"lazy\" decoding=\"async\" class=\"alignnone wp-image-240 \" src=\"https:\/\/www.igforma.com\/wp-content\/uploads\/2014\/10\/zxfzx-e1418754953237.png\" alt=\"zxfzx\" width=\"575\" height=\"254\" \/><\/a><\/span><\/p>\n<p style=\"text-align: justify;\" align=\"justify\">Desde a cria\u00e7\u00e3o do SISTEMA DE ACREDITA\u00c7\u00c3O DAS ENTIDADES FORMADORAS que estivemos devidamente acreditados (ao abrigo da Portaria n.\u00ba 782\/97, de 29 de Agosto), com o registo de Processo n.\u00ba 556, pelas respectivas estruturas oficiais:<\/p>\n<p style=\"text-align: justify;\">&#8211; desde 22-01-1998 at\u00e9 21-01-2005 pelo INOFOR &#8211; <em>Instituto para a Inova\u00e7\u00e3o na Forma\u00e7\u00e3o, IP<\/em>;<br \/>&#8211; desde 22-01-2005 at\u00e9 18-02-2008 pelo IQF &#8211; <em>Instituto para a Qualidade na Forma\u00e7\u00e3o, IP<\/em>;<br \/>&#8211; desde 19-02-2008 at\u00e9 13-12-2012 pela <span style=\"color: #3366ff;\">DGERT <\/span>&#8211; <em>Dire\u00e7\u00e3o Geral do Emprego e das Rela\u00e7\u00f5es do Trabalho<\/em><em>. <\/em><\/p>\n<p><!--nextpage--><\/p>\n<p><strong>A<span style=\"color: #3366ff;\"> <span style=\"text-decoration: underline;\">MISS\u00c3O<\/span> DA IG-FORMA<\/span><\/strong><strong> resulta na consecu\u00e7\u00e3o dos seg<\/strong><strong>uintes objetivos:<\/strong><\/p>\n<div align=\"justify\">\n<ul>\n<li>Conceber e aplicar metodologias e instrumentos de diagn\u00f3stico de necessidades de forma\u00e7\u00e3o;<\/li>\n<\/ul>\n<ul>\n<li>Planear A\u00e7\u00f5es de Forma\u00e7\u00e3o organizadas por p\u00fablicos-alvo, \u00e1reas tem\u00e1ticas, modalidades e formas de organiza\u00e7\u00e3o da forma\u00e7\u00e3o, de modo a traduzir os objetivos e a estrat\u00e9gia previamente delineados;<\/li>\n<\/ul>\n<ul>\n<li>Conceber Programas de Forma\u00e7\u00e3o, instrumentos e suportes formativos tendo em aten\u00e7\u00e3o a sua adapta\u00e7\u00e3o aos p\u00fablicos-alvo;<\/li>\n<\/ul>\n<ul>\n<li>Organizar e realizar A\u00e7\u00f5es de Forma\u00e7\u00e3o destinadas a melhorar as compet\u00eancias profissionais dos formandos;<\/li>\n<\/ul>\n<ul>\n<li>Acompanhar e avaliar as interven\u00e7\u00f5es formativas, aplicando metodologias e instrumentos t\u00e9cnicos que permitam observar os impactes e os resultados obtidos;<\/li>\n<\/ul>\n<ul>\n<li>Elaborar candidaturas aos apoios do FSE e Governo da Rep\u00fablica Portuguesa para A\u00e7\u00f5es de Forma\u00e7\u00e3o Profissional, bem como elaborar os correspondentes Processos T\u00e9cnico-Pedag\u00f3gicos e Contabil\u00edstico-Financeiros.<\/li>\n<\/ul>\n<\/div>\n<p><strong>A\u00a0<span style=\"text-decoration: underline; color: #3366ff;\">VIS\u00c3O<\/span>\u00a0da IG-Forma \u00e9:<\/strong><\/p>\n<p><em><span style=\"font-weight: 400;\">\u201cSer entidade formadora l\u00edder no \u201cmercado de forma\u00e7\u00e3o\u201d\u00a0 portugu\u00eas (e ser reconhecida enquanto tal), excedendo as expectativas das organiza\u00e7\u00f5es suas clientes e parceiras atrav\u00e9s\u00a0 da presta\u00e7\u00e3o de um servi\u00e7o \u00edmpar em qualidade e custo.\u201d<\/span><\/em><\/p>","protected":false},"excerpt":{"rendered":"<p>A IG-FORMA, fundada em 1985, \u00e9 uma EMPRESA DE CONSULTORIA NA \u00c1REA DA FORMA\u00c7\u00c3O PROFISSIONAL que desde a sua g\u00e9nese tem vindo a consolidar a sua posi\u00e7\u00e3o no mercado, atrav\u00e9s da excel\u00eancia dos servi\u00e7os prestados aos seus clientes. Ao longo deste per\u00edodo de atividade conseguimos a Aprova\u00e7\u00e3o de Projetos de Forma\u00e7\u00e3o Profissional, financiados pelo Fundo &hellip; <a href=\"https:\/\/www.igforma.com\/\" class=\"more-link\">Continuar a ler<span class=\"screen-reader-text\">Quem Somos<\/span> <span class=\"meta-nav\">&rarr;<\/span><\/a><\/p>\n","protected":false},"author":3,"featured_media":0,"parent":0,"menu_order":0,"comment_status":"closed","ping_status":"closed","template":"","meta":{"footnotes":""},"class_list":["post-5","page","type-page","status-publish","hentry"],"_links":{"self":[{"href":"https:\/\/www.igforma.com\/index.php?rest_route=\/wp\/v2\/pages\/5"}],"collection":[{"href":"https:\/\/www.igforma.com\/index.php?rest_route=\/wp\/v2\/pages"}],"about":[{"href":"https:\/\/www.igforma.com\/index.php?rest_route=\/wp\/v2\/types\/page"}],"author":[{"embeddable":true,"href":"https:\/\/www.igforma.com\/index.php?rest_route=\/wp\/v2\/users\/3"}],"replies":[{"embeddable":true,"href":"https:\/\/www.igforma.com\/index.php?rest_route=%2Fwp%2Fv2%2Fcomments&post=5"}],"version-history":[{"count":20,"href":"https:\/\/www.igforma.com\/index.php?rest_route=\/wp\/v2\/pages\/5\/revisions"}],"predecessor-version":[{"id":975,"href":"https:\/\/www.igforma.com\/index.php?rest_route=\/wp\/v2\/pages\/5\/revisions\/975"}],"wp:attachment":[{"href":"https:\/\/www.igforma.com\/index.php?rest_route=%2Fwp%2Fv2%2Fmedia&parent=5"}],"curies":[{"name":"wp","href":"https:\/\/api.w.org\/{rel}","templated":true}]}}